{"id":834,"date":"2023-05-10T12:01:19","date_gmt":"2023-05-10T16:01:19","guid":{"rendered":"https:\/\/lamaisonnee.org?post_type=events&#038;p=834"},"modified":"2024-04-19T16:48:12","modified_gmt":"2024-04-19T20:48:12","slug":"metiers-infirmier-infirmieres","status":"publish","type":"events","link":"https:\/\/lamaisonnee.org\/fr\/events\/metiers-infirmier-infirmieres\/","title":{"rendered":"L&rsquo;acc\u00e8s aux m\u00e9tiers d&rsquo;infirmier et d&rsquo;infirmi\u00e8res, et P.A.B (Pr\u00e9pos\u00e9.e)"},"template":"","meta":{"_acf_changed":false},"cat_events":[28],"class_list":["post-834","events","type-events","status-publish","hentry","cat_events-aide-a-lemploi"],"acf":{"intro":"Vous exercez ou souhaitez exercer le m\u00e9tier d'infirmier.e.s au Qu\u00e9bec mais vous avez plusieurs questions autour de l'emploi ici ? Bienvenue!","date":"20230612","horaire":"\u00c0 14h","place":"online","price":"0","form":"","description":"<p>Faites-vous carri\u00e8re dans le domaine de la sant\u00e9? Ou Devenir infirmi\u00e8re ou infirmier vous int\u00e9resse-t-il?<\/p>\n<p>Vous \u00eates dipl\u00f4m\u00e9s hors Canada et vous d\u00e9sirez avoir une exp\u00e9rience au Qu\u00e9bec dans votre domaine (la sant\u00e9)?<\/p>\n<p>Voici un atelier qui r\u00e9pondra \u00e0 vos questions.<\/p>\n<p>Objectifs:<\/p>\n<ul>\n<li>Avoir une id\u00e9e sur le domaine de la sant\u00e9 au Qu\u00e9bec.<\/li>\n<li>Les diff\u00e9rences entre PAB et les infirmiers.Les formations demand\u00e9es.<\/li>\n<li>Les comp\u00e9tences et les connaissances et la reconnaissance des dipl\u00f4mes<\/li>\n<li>Les infirmiers dipl\u00f4m\u00e9s hors canada.<\/li>\n<li>Milieu de travail.<\/li>\n<\/ul>\n<p>Inscrivez-vous gratuitement ici et nous vous enverrons un lien de connexion \u00e0 l&rsquo;activit\u00e9 la veille.<\/p>\n<p><em>Pour plus de renseignements vous pouvez contacter <a href=\"mailto:basma.mestaouhid@lamaisonnee.org\">basma.mestaouhid@lamaisonnee.org<\/a> ou au t\u00e9l\u00e9phone au (514) 271-3533 poste 209<\/em><\/p>\n","admi":false,"equipment":"","image":"https:\/\/lamaisonnee.org\/wp-content\/uploads\/2023\/05\/event-metier-infirmier.jpeg","service":"https:\/\/lamaisonnee.org\/fr\/services\/travailler-au-quebec\/","type":"ponctuel","show_form":false,"level":false},"yoast_head":"<!-- This site is optimized with the Yoast SEO plugin v26.4 - https:\/\/yoast.com\/wordpress\/plugins\/seo\/ -->\n<title>L&#039;acc\u00e8s aux m\u00e9tiers d&#039;infirmier et d&#039;infirmi\u00e8res, et P.A.B (Pr\u00e9pos\u00e9.e) - La Maisonn\u00e9e<\/title>\n<meta name=\"description\" content=\"Vous \u00eates dipl\u00f4m\u00e9s hors Canada et vous d\u00e9sirez travailler dans les m\u00e9tiers infirmi\u00e8re\/infirmier ? Voici un atelier fait pour vous !\" \/>\n<meta name=\"robots\" content=\"index, follow, max-snippet:-1, max-image-preview:large, max-video-preview:-1\" \/>\n<link rel=\"canonical\" href=\"https:\/\/lamaisonnee.org\/fr\/events\/metiers-infirmier-infirmieres\/\" \/>\n<meta property=\"og:locale\" content=\"fr_FR\" \/>\n<meta property=\"og:type\" content=\"article\" \/>\n<meta property=\"og:title\" content=\"L&#039;acc\u00e8s aux m\u00e9tiers d&#039;infirmier et d&#039;infirmi\u00e8res, et P.A.B (Pr\u00e9pos\u00e9.e) - La Maisonn\u00e9e\" \/>\n<meta property=\"og:description\" content=\"Vous \u00eates dipl\u00f4m\u00e9s hors Canada et vous d\u00e9sirez travailler dans les m\u00e9tiers infirmi\u00e8re\/infirmier ? Voici un atelier fait pour vous !\" \/>\n<meta property=\"og:url\" content=\"https:\/\/lamaisonnee.org\/fr\/events\/metiers-infirmier-infirmieres\/\" \/>\n<meta property=\"og:site_name\" content=\"La Maisonn\u00e9e\" \/>\n<meta property=\"article:modified_time\" content=\"2024-04-19T20:48:12+00:00\" \/>\n<meta name=\"twitter:card\" content=\"summary_large_image\" \/>\n<script type=\"application\/ld+json\" class=\"yoast-schema-graph\">{\"@context\":\"https:\/\/schema.org\",\"@graph\":[{\"@type\":\"WebPage\",\"@id\":\"https:\/\/lamaisonnee.org\/fr\/events\/metiers-infirmier-infirmieres\/\",\"url\":\"https:\/\/lamaisonnee.org\/fr\/events\/metiers-infirmier-infirmieres\/\",\"name\":\"L'acc\u00e8s aux m\u00e9tiers d'infirmier et d'infirmi\u00e8res, et P.A.B (Pr\u00e9pos\u00e9.e) - La Maisonn\u00e9e\",\"isPartOf\":{\"@id\":\"https:\/\/lamaisonnee.org\/fr\/#website\"},\"datePublished\":\"2023-05-10T16:01:19+00:00\",\"dateModified\":\"2024-04-19T20:48:12+00:00\",\"description\":\"Vous \u00eates dipl\u00f4m\u00e9s hors Canada et vous d\u00e9sirez travailler dans les m\u00e9tiers infirmi\u00e8re\/infirmier ? Voici un atelier fait pour vous !\",\"breadcrumb\":{\"@id\":\"https:\/\/lamaisonnee.org\/fr\/events\/metiers-infirmier-infirmieres\/#breadcrumb\"},\"inLanguage\":\"fr-FR\",\"potentialAction\":[{\"@type\":\"ReadAction\",\"target\":[\"https:\/\/lamaisonnee.org\/fr\/events\/metiers-infirmier-infirmieres\/\"]}]},{\"@type\":\"BreadcrumbList\",\"@id\":\"https:\/\/lamaisonnee.org\/fr\/events\/metiers-infirmier-infirmieres\/#breadcrumb\",\"itemListElement\":[{\"@type\":\"ListItem\",\"position\":1,\"name\":\"Accueil\",\"item\":\"https:\/\/lamaisonnee.org\/fr\/\"},{\"@type\":\"ListItem\",\"position\":2,\"name\":\"L&rsquo;acc\u00e8s aux m\u00e9tiers d&rsquo;infirmier et d&rsquo;infirmi\u00e8res, et P.A.B (Pr\u00e9pos\u00e9.e)\"}]},{\"@type\":\"WebSite\",\"@id\":\"https:\/\/lamaisonnee.org\/fr\/#website\",\"url\":\"https:\/\/lamaisonnee.org\/fr\/\",\"name\":\"La Maisonn\u00e9e\",\"description\":\"Aide aux immigrants\",\"potentialAction\":[{\"@type\":\"SearchAction\",\"target\":{\"@type\":\"EntryPoint\",\"urlTemplate\":\"https:\/\/lamaisonnee.org\/fr\/?s={search_term_string}\"},\"query-input\":{\"@type\":\"PropertyValueSpecification\",\"valueRequired\":true,\"valueName\":\"search_term_string\"}}],\"inLanguage\":\"fr-FR\"}]}<\/script>\n<!-- \/ Yoast SEO plugin. -->","yoast_head_json":{"title":"L'acc\u00e8s aux m\u00e9tiers d'infirmier et d'infirmi\u00e8res, et P.A.B (Pr\u00e9pos\u00e9.e) - La Maisonn\u00e9e","description":"Vous \u00eates dipl\u00f4m\u00e9s hors Canada et vous d\u00e9sirez travailler dans les m\u00e9tiers infirmi\u00e8re\/infirmier ? Voici un atelier fait pour vous !","robots":{"index":"index","follow":"follow","max-snippet":"max-snippet:-1","max-image-preview":"max-image-preview:large","max-video-preview":"max-video-preview:-1"},"canonical":"https:\/\/lamaisonnee.org\/fr\/events\/metiers-infirmier-infirmieres\/","og_locale":"fr_FR","og_type":"article","og_title":"L'acc\u00e8s aux m\u00e9tiers d'infirmier et d'infirmi\u00e8res, et P.A.B (Pr\u00e9pos\u00e9.e) - La Maisonn\u00e9e","og_description":"Vous \u00eates dipl\u00f4m\u00e9s hors Canada et vous d\u00e9sirez travailler dans les m\u00e9tiers infirmi\u00e8re\/infirmier ? Voici un atelier fait pour vous !","og_url":"https:\/\/lamaisonnee.org\/fr\/events\/metiers-infirmier-infirmieres\/","og_site_name":"La Maisonn\u00e9e","article_modified_time":"2024-04-19T20:48:12+00:00","twitter_card":"summary_large_image","schema":{"@context":"https:\/\/schema.org","@graph":[{"@type":"WebPage","@id":"https:\/\/lamaisonnee.org\/fr\/events\/metiers-infirmier-infirmieres\/","url":"https:\/\/lamaisonnee.org\/fr\/events\/metiers-infirmier-infirmieres\/","name":"L'acc\u00e8s aux m\u00e9tiers d'infirmier et d'infirmi\u00e8res, et P.A.B (Pr\u00e9pos\u00e9.e) - La Maisonn\u00e9e","isPartOf":{"@id":"https:\/\/lamaisonnee.org\/fr\/#website"},"datePublished":"2023-05-10T16:01:19+00:00","dateModified":"2024-04-19T20:48:12+00:00","description":"Vous \u00eates dipl\u00f4m\u00e9s hors Canada et vous d\u00e9sirez travailler dans les m\u00e9tiers infirmi\u00e8re\/infirmier ? Voici un atelier fait pour vous !","breadcrumb":{"@id":"https:\/\/lamaisonnee.org\/fr\/events\/metiers-infirmier-infirmieres\/#breadcrumb"},"inLanguage":"fr-FR","potentialAction":[{"@type":"ReadAction","target":["https:\/\/lamaisonnee.org\/fr\/events\/metiers-infirmier-infirmieres\/"]}]},{"@type":"BreadcrumbList","@id":"https:\/\/lamaisonnee.org\/fr\/events\/metiers-infirmier-infirmieres\/#breadcrumb","itemListElement":[{"@type":"ListItem","position":1,"name":"Accueil","item":"https:\/\/lamaisonnee.org\/fr\/"},{"@type":"ListItem","position":2,"name":"L&rsquo;acc\u00e8s aux m\u00e9tiers d&rsquo;infirmier et d&rsquo;infirmi\u00e8res, et P.A.B (Pr\u00e9pos\u00e9.e)"}]},{"@type":"WebSite","@id":"https:\/\/lamaisonnee.org\/fr\/#website","url":"https:\/\/lamaisonnee.org\/fr\/","name":"La Maisonn\u00e9e","description":"Aide aux immigrants","potentialAction":[{"@type":"SearchAction","target":{"@type":"EntryPoint","urlTemplate":"https:\/\/lamaisonnee.org\/fr\/?s={search_term_string}"},"query-input":{"@type":"PropertyValueSpecification","valueRequired":true,"valueName":"search_term_string"}}],"inLanguage":"fr-FR"}]}},"_links":{"self":[{"href":"https:\/\/lamaisonnee.org\/fr\/wp-json\/wp\/v2\/events\/834","targetHints":{"allow":["GET"]}}],"collection":[{"href":"https:\/\/lamaisonnee.org\/fr\/wp-json\/wp\/v2\/events"}],"about":[{"href":"https:\/\/lamaisonnee.org\/fr\/wp-json\/wp\/v2\/types\/events"}],"wp:attachment":[{"href":"https:\/\/lamaisonnee.org\/fr\/wp-json\/wp\/v2\/media?parent=834"}],"wp:term":[{"taxonomy":"cat_events","embeddable":true,"href":"https:\/\/lamaisonnee.org\/fr\/wp-json\/wp\/v2\/cat_events?post=834"}],"curies":[{"name":"wp","href":"https:\/\/api.w.org\/{rel}","templated":true}]}}