{"id":830,"date":"2023-05-10T11:57:04","date_gmt":"2023-05-10T15:57:04","guid":{"rendered":"https:\/\/lamaisonnee.org?post_type=events&#038;p=830"},"modified":"2025-07-23T11:58:28","modified_gmt":"2025-07-23T15:58:28","slug":"les-metiers-de-lassurance-examens-amf","status":"publish","type":"events","link":"https:\/\/lamaisonnee.org\/fr\/events\/les-metiers-de-lassurance-examens-amf\/","title":{"rendered":"Les m\u00e9tiers de l&rsquo;assurance et l&rsquo;inscription aux examens de l&rsquo;AMF"},"template":"","meta":{"_acf_changed":false},"cat_events":[28],"class_list":["post-830","events","type-events","status-publish","hentry","cat_events-aide-a-lemploi"],"acf":{"intro":"Apprenez les formations et les pr\u00e9parations aux examens qui permettent l'acc\u00e8s au secteur de l'assurance, et propulsez votre carri\u00e8re.","date":"20230606","horaire":"\u00e0 14h","place":"online","price":"0","form":"","description":"<p>Vous \u00eates int\u00e9ress\u00e9(e) par le secteur de l\u2019assurance, mais vous ne savez pas quelles formations suivre ou quelles sont les exigences requises pour acc\u00e9der \u00e0 ce domaine?<br \/>\nVous souhaitez vous inscrire pour l\u2019examen de l\u2019AMF mais vous ne savez pas quelles sont les pr\u00e9-requis?<br \/>\nLa pr\u00e9paration de l\u2019examen de l\u2019AMF vous fait peur au point de laisser tomber votre r\u00eave de devenir assureur, courtier ou agent en assurance?<\/p>\n<p>Cet atelier qui porte \u00e0 la fois sur les m\u00e9tiers de l\u2019assurance et la pr\u00e9paration aux examens de l\u2019AMF est fait pour vous, et surtout pour faciliter l\u2019acc\u00e8s \u00e0 ce domaine qui para\u00eet compliqu\u00e9, mais qui reste tr\u00e8s accessible en r\u00e9alit\u00e9.<\/p>\n<p>Votre animatrice vous attend, n\u2019h\u00e9sitez pas \u00e0 lui poser vos questions.<br \/>\n<em><strong>Mahnaz Modirmaaliyan<\/strong>, Coordonnatrice de recrutement sectoriel.<\/em><\/p>\n<p>Pour plus d\u2019information contactez-la par email: <a href=\"mailto:mahnaz.modirmaaliyan@lamaisonnee.org\">mahnaz.modirmaaliyan@lamaisonnee.org<\/a><\/p>\n<p>Attention, veuillez-prendre note que cet atelier est donn\u00e9 uniquement en langue fran\u00e7aise.<\/p>\n<p>Vous recevrez le lien ZOOM par email la veille de l\u2019\u00e9v\u00e9nement, <strong><span class=\"ui-provider a b c d e f g h i j k l m n o p q r s t u v w x y z ab ac ae af ag ah ai aj ak\" dir=\"ltr\">VEUILLEZ V\u00c9RIFIER VOS COURRIELS IND\u00c9SIRABLES\/SPAM.<\/span><\/strong><\/p>\n<p>&nbsp;<\/p>\n","admi":[{"condition":"Personnes immigrantes install\u00e9es \u00e0 Montr\u00e9al"}],"equipment":"","image":"https:\/\/lamaisonnee.org\/wp-content\/uploads\/2025\/07\/pexels-divinetechygirl-1181406-scaled.jpg","service":"","type":"recurrent_oneshot","show_form":false,"level":false,"dates":{"dates":false,"text":"28 ao\u00fbt"}},"yoast_head":"<!-- This site is optimized with the Yoast SEO plugin v26.4 - https:\/\/yoast.com\/wordpress\/plugins\/seo\/ -->\n<title>Les m\u00e9tiers de l&#039;assurance et l&#039;inscription aux examens de l&#039;AMF - La Maisonn\u00e9e<\/title>\n<meta name=\"description\" content=\"D\u00e9couvrez lors de cet atelier les m\u00e9tiers de l&#039;assurance au Qu\u00e9bec, comment y acc\u00e9der, et l&#039;inscription aux examens de l&#039;AMF !\" \/>\n<meta name=\"robots\" content=\"index, follow, max-snippet:-1, max-image-preview:large, max-video-preview:-1\" \/>\n<link rel=\"canonical\" href=\"https:\/\/lamaisonnee.org\/fr\/events\/les-metiers-de-lassurance-examens-amf\/\" \/>\n<meta property=\"og:locale\" content=\"fr_FR\" \/>\n<meta property=\"og:type\" content=\"article\" \/>\n<meta property=\"og:title\" content=\"Les m\u00e9tiers de l&#039;assurance et l&#039;inscription aux examens de l&#039;AMF - La Maisonn\u00e9e\" \/>\n<meta property=\"og:description\" content=\"D\u00e9couvrez lors de cet atelier les m\u00e9tiers de l&#039;assurance au Qu\u00e9bec, comment y acc\u00e9der, et l&#039;inscription aux examens de l&#039;AMF !\" \/>\n<meta property=\"og:url\" content=\"https:\/\/lamaisonnee.org\/fr\/events\/les-metiers-de-lassurance-examens-amf\/\" \/>\n<meta property=\"og:site_name\" content=\"La Maisonn\u00e9e\" \/>\n<meta property=\"article:modified_time\" content=\"2025-07-23T15:58:28+00:00\" \/>\n<meta name=\"twitter:card\" content=\"summary_large_image\" \/>\n<script type=\"application\/ld+json\" class=\"yoast-schema-graph\">{\"@context\":\"https:\/\/schema.org\",\"@graph\":[{\"@type\":\"WebPage\",\"@id\":\"https:\/\/lamaisonnee.org\/fr\/events\/les-metiers-de-lassurance-examens-amf\/\",\"url\":\"https:\/\/lamaisonnee.org\/fr\/events\/les-metiers-de-lassurance-examens-amf\/\",\"name\":\"Les m\u00e9tiers de l'assurance et l'inscription aux examens de l'AMF - La Maisonn\u00e9e\",\"isPartOf\":{\"@id\":\"https:\/\/lamaisonnee.org\/fr\/#website\"},\"datePublished\":\"2023-05-10T15:57:04+00:00\",\"dateModified\":\"2025-07-23T15:58:28+00:00\",\"description\":\"D\u00e9couvrez lors de cet atelier les m\u00e9tiers de l'assurance au Qu\u00e9bec, comment y acc\u00e9der, et l'inscription aux examens de l'AMF !\",\"breadcrumb\":{\"@id\":\"https:\/\/lamaisonnee.org\/fr\/events\/les-metiers-de-lassurance-examens-amf\/#breadcrumb\"},\"inLanguage\":\"fr-FR\",\"potentialAction\":[{\"@type\":\"ReadAction\",\"target\":[\"https:\/\/lamaisonnee.org\/fr\/events\/les-metiers-de-lassurance-examens-amf\/\"]}]},{\"@type\":\"BreadcrumbList\",\"@id\":\"https:\/\/lamaisonnee.org\/fr\/events\/les-metiers-de-lassurance-examens-amf\/#breadcrumb\",\"itemListElement\":[{\"@type\":\"ListItem\",\"position\":1,\"name\":\"Accueil\",\"item\":\"https:\/\/lamaisonnee.org\/fr\/\"},{\"@type\":\"ListItem\",\"position\":2,\"name\":\"Les m\u00e9tiers de l&rsquo;assurance et l&rsquo;inscription aux examens de l&rsquo;AMF\"}]},{\"@type\":\"WebSite\",\"@id\":\"https:\/\/lamaisonnee.org\/fr\/#website\",\"url\":\"https:\/\/lamaisonnee.org\/fr\/\",\"name\":\"La Maisonn\u00e9e\",\"description\":\"Aide aux immigrants\",\"potentialAction\":[{\"@type\":\"SearchAction\",\"target\":{\"@type\":\"EntryPoint\",\"urlTemplate\":\"https:\/\/lamaisonnee.org\/fr\/?s={search_term_string}\"},\"query-input\":{\"@type\":\"PropertyValueSpecification\",\"valueRequired\":true,\"valueName\":\"search_term_string\"}}],\"inLanguage\":\"fr-FR\"}]}<\/script>\n<!-- \/ Yoast SEO plugin. -->","yoast_head_json":{"title":"Les m\u00e9tiers de l'assurance et l'inscription aux examens de l'AMF - La Maisonn\u00e9e","description":"D\u00e9couvrez lors de cet atelier les m\u00e9tiers de l'assurance au Qu\u00e9bec, comment y acc\u00e9der, et l'inscription aux examens de l'AMF !","robots":{"index":"index","follow":"follow","max-snippet":"max-snippet:-1","max-image-preview":"max-image-preview:large","max-video-preview":"max-video-preview:-1"},"canonical":"https:\/\/lamaisonnee.org\/fr\/events\/les-metiers-de-lassurance-examens-amf\/","og_locale":"fr_FR","og_type":"article","og_title":"Les m\u00e9tiers de l'assurance et l'inscription aux examens de l'AMF - La Maisonn\u00e9e","og_description":"D\u00e9couvrez lors de cet atelier les m\u00e9tiers de l'assurance au Qu\u00e9bec, comment y acc\u00e9der, et l'inscription aux examens de l'AMF !","og_url":"https:\/\/lamaisonnee.org\/fr\/events\/les-metiers-de-lassurance-examens-amf\/","og_site_name":"La Maisonn\u00e9e","article_modified_time":"2025-07-23T15:58:28+00:00","twitter_card":"summary_large_image","schema":{"@context":"https:\/\/schema.org","@graph":[{"@type":"WebPage","@id":"https:\/\/lamaisonnee.org\/fr\/events\/les-metiers-de-lassurance-examens-amf\/","url":"https:\/\/lamaisonnee.org\/fr\/events\/les-metiers-de-lassurance-examens-amf\/","name":"Les m\u00e9tiers de l'assurance et l'inscription aux examens de l'AMF - La Maisonn\u00e9e","isPartOf":{"@id":"https:\/\/lamaisonnee.org\/fr\/#website"},"datePublished":"2023-05-10T15:57:04+00:00","dateModified":"2025-07-23T15:58:28+00:00","description":"D\u00e9couvrez lors de cet atelier les m\u00e9tiers de l'assurance au Qu\u00e9bec, comment y acc\u00e9der, et l'inscription aux examens de l'AMF !","breadcrumb":{"@id":"https:\/\/lamaisonnee.org\/fr\/events\/les-metiers-de-lassurance-examens-amf\/#breadcrumb"},"inLanguage":"fr-FR","potentialAction":[{"@type":"ReadAction","target":["https:\/\/lamaisonnee.org\/fr\/events\/les-metiers-de-lassurance-examens-amf\/"]}]},{"@type":"BreadcrumbList","@id":"https:\/\/lamaisonnee.org\/fr\/events\/les-metiers-de-lassurance-examens-amf\/#breadcrumb","itemListElement":[{"@type":"ListItem","position":1,"name":"Accueil","item":"https:\/\/lamaisonnee.org\/fr\/"},{"@type":"ListItem","position":2,"name":"Les m\u00e9tiers de l&rsquo;assurance et l&rsquo;inscription aux examens de l&rsquo;AMF"}]},{"@type":"WebSite","@id":"https:\/\/lamaisonnee.org\/fr\/#website","url":"https:\/\/lamaisonnee.org\/fr\/","name":"La Maisonn\u00e9e","description":"Aide aux immigrants","potentialAction":[{"@type":"SearchAction","target":{"@type":"EntryPoint","urlTemplate":"https:\/\/lamaisonnee.org\/fr\/?s={search_term_string}"},"query-input":{"@type":"PropertyValueSpecification","valueRequired":true,"valueName":"search_term_string"}}],"inLanguage":"fr-FR"}]}},"_links":{"self":[{"href":"https:\/\/lamaisonnee.org\/fr\/wp-json\/wp\/v2\/events\/830","targetHints":{"allow":["GET"]}}],"collection":[{"href":"https:\/\/lamaisonnee.org\/fr\/wp-json\/wp\/v2\/events"}],"about":[{"href":"https:\/\/lamaisonnee.org\/fr\/wp-json\/wp\/v2\/types\/events"}],"wp:attachment":[{"href":"https:\/\/lamaisonnee.org\/fr\/wp-json\/wp\/v2\/media?parent=830"}],"wp:term":[{"taxonomy":"cat_events","embeddable":true,"href":"https:\/\/lamaisonnee.org\/fr\/wp-json\/wp\/v2\/cat_events?post=830"}],"curies":[{"name":"wp","href":"https:\/\/api.w.org\/{rel}","templated":true}]}}