{"id":34509,"date":"2024-03-12T15:55:16","date_gmt":"2024-03-12T19:55:16","guid":{"rendered":"https:\/\/lamaisonnee.org\/?post_type=events&#038;p=34509"},"modified":"2024-04-19T15:55:30","modified_gmt":"2024-04-19T19:55:30","slug":"vos-reves-en-images-comite-des-femmes","status":"publish","type":"events","link":"https:\/\/lamaisonnee.org\/fr\/events\/vos-reves-en-images-comite-des-femmes\/","title":{"rendered":"Vos r\u00eaves en images &#8211; Comit\u00e9 des femmes"},"template":"","meta":{"_acf_changed":false},"cat_events":[15,23],"class_list":["post-34509","events","type-events","status-publish","hentry","cat_events-francisation-et-loisirs","cat_events-immigration-installation"],"acf":{"intro":"Venez participer gratuitement : ouvert \u00e0 toutes les femmes.","type":"ponctuel","date":"20240316","horaire":"\u00e0 9h30","place":"notonline","address":"6865 Ave Christophe-Colomb, Montreal, Quebec H2S 2H3","price":"0","show_form":true,"description":"<p>Dans le cadre des activit\u00e9s du comit\u00e9 des femmes de La Maisonn\u00e9e, nous vous invitons \u00e0 un atelier unique et inspirant o\u00f9 chaque participante pourra partager et explorer ses r\u00eaves \u00e0 travers l&rsquo;art visuel. Guid\u00e9es par une intervenante passionn\u00e9e, vous serez encourag\u00e9es \u00e0 donner vie \u00e0 vos r\u00eaves \u00e0 travers des images. Cet atelier offre un espace s\u00e9curitaire et inclusif o\u00f9 les voix et les visions des femmes sont c\u00e9l\u00e9br\u00e9es et honor\u00e9es. Rejoignez-nous pour une exp\u00e9rience de d\u00e9couverte, de connexion et d&rsquo;expression authentique de votre monde int\u00e9rieur.<\/p>\n<p>&nbsp;<\/p>\n<p class=\"btn-text\"><a href=\"https:\/\/forms.office.com\/r\/WGhi4GWTd8\" target=\"_blank\" rel=\"noopener\">Formulaire d\u2019inscription<\/a><\/p>\n<p>&nbsp;<\/p>\n<p>Pour plus d\u2019information,contactez \u00a0Gilnar Chamoun, <a href=\"mailto:gilnar.chamoun@lamaisonnee.org\">gilnar.chamoun@lamaisonnee.org<\/a> 514-271-3533<\/p>\n<p>&nbsp;<\/p>\n<p>&nbsp;<\/p>\n","admi":false,"equipment":"","image":"https:\/\/lamaisonnee.org\/wp-content\/uploads\/2024\/03\/2-1.png","level":false,"service":""},"yoast_head":"<!-- This site is optimized with the Yoast SEO plugin v26.4 - https:\/\/yoast.com\/wordpress\/plugins\/seo\/ -->\n<title>Vos r\u00eaves en images - Comit\u00e9 des femmes - La Maisonn\u00e9e<\/title>\n<meta name=\"description\" content=\"Dans le cadre des activit\u00e9s du comit\u00e9 des femmes de La Maisonn\u00e9e, nous vous invitons \u00e0 un atelier unique et inspirant\" \/>\n<meta name=\"robots\" content=\"index, follow, max-snippet:-1, max-image-preview:large, max-video-preview:-1\" \/>\n<link rel=\"canonical\" href=\"https:\/\/lamaisonnee.org\/fr\/events\/vos-reves-en-images-comite-des-femmes\/\" \/>\n<meta property=\"og:locale\" content=\"fr_FR\" \/>\n<meta property=\"og:type\" content=\"article\" \/>\n<meta property=\"og:title\" content=\"Vos r\u00eaves en images - Comit\u00e9 des femmes - La Maisonn\u00e9e\" \/>\n<meta property=\"og:description\" content=\"Dans le cadre des activit\u00e9s du comit\u00e9 des femmes de La Maisonn\u00e9e, nous vous invitons \u00e0 un atelier unique et inspirant\" \/>\n<meta property=\"og:url\" content=\"https:\/\/lamaisonnee.org\/fr\/events\/vos-reves-en-images-comite-des-femmes\/\" \/>\n<meta property=\"og:site_name\" content=\"La Maisonn\u00e9e\" \/>\n<meta property=\"article:modified_time\" content=\"2024-04-19T19:55:30+00:00\" \/>\n<meta name=\"twitter:card\" content=\"summary_large_image\" \/>\n<script type=\"application\/ld+json\" class=\"yoast-schema-graph\">{\"@context\":\"https:\/\/schema.org\",\"@graph\":[{\"@type\":\"WebPage\",\"@id\":\"https:\/\/lamaisonnee.org\/fr\/events\/vos-reves-en-images-comite-des-femmes\/\",\"url\":\"https:\/\/lamaisonnee.org\/fr\/events\/vos-reves-en-images-comite-des-femmes\/\",\"name\":\"Vos r\u00eaves en images - Comit\u00e9 des femmes - La Maisonn\u00e9e\",\"isPartOf\":{\"@id\":\"https:\/\/lamaisonnee.org\/fr\/#website\"},\"datePublished\":\"2024-03-12T19:55:16+00:00\",\"dateModified\":\"2024-04-19T19:55:30+00:00\",\"description\":\"Dans le cadre des activit\u00e9s du comit\u00e9 des femmes de La Maisonn\u00e9e, nous vous invitons \u00e0 un atelier unique et inspirant\",\"breadcrumb\":{\"@id\":\"https:\/\/lamaisonnee.org\/fr\/events\/vos-reves-en-images-comite-des-femmes\/#breadcrumb\"},\"inLanguage\":\"fr-FR\",\"potentialAction\":[{\"@type\":\"ReadAction\",\"target\":[\"https:\/\/lamaisonnee.org\/fr\/events\/vos-reves-en-images-comite-des-femmes\/\"]}]},{\"@type\":\"BreadcrumbList\",\"@id\":\"https:\/\/lamaisonnee.org\/fr\/events\/vos-reves-en-images-comite-des-femmes\/#breadcrumb\",\"itemListElement\":[{\"@type\":\"ListItem\",\"position\":1,\"name\":\"Accueil\",\"item\":\"https:\/\/lamaisonnee.org\/fr\/\"},{\"@type\":\"ListItem\",\"position\":2,\"name\":\"Vos r\u00eaves en images &#8211; Comit\u00e9 des femmes\"}]},{\"@type\":\"WebSite\",\"@id\":\"https:\/\/lamaisonnee.org\/fr\/#website\",\"url\":\"https:\/\/lamaisonnee.org\/fr\/\",\"name\":\"La Maisonn\u00e9e\",\"description\":\"Aide aux immigrants\",\"potentialAction\":[{\"@type\":\"SearchAction\",\"target\":{\"@type\":\"EntryPoint\",\"urlTemplate\":\"https:\/\/lamaisonnee.org\/fr\/?s={search_term_string}\"},\"query-input\":{\"@type\":\"PropertyValueSpecification\",\"valueRequired\":true,\"valueName\":\"search_term_string\"}}],\"inLanguage\":\"fr-FR\"}]}<\/script>\n<!-- \/ Yoast SEO plugin. -->","yoast_head_json":{"title":"Vos r\u00eaves en images - Comit\u00e9 des femmes - La Maisonn\u00e9e","description":"Dans le cadre des activit\u00e9s du comit\u00e9 des femmes de La Maisonn\u00e9e, nous vous invitons \u00e0 un atelier unique et inspirant","robots":{"index":"index","follow":"follow","max-snippet":"max-snippet:-1","max-image-preview":"max-image-preview:large","max-video-preview":"max-video-preview:-1"},"canonical":"https:\/\/lamaisonnee.org\/fr\/events\/vos-reves-en-images-comite-des-femmes\/","og_locale":"fr_FR","og_type":"article","og_title":"Vos r\u00eaves en images - Comit\u00e9 des femmes - La Maisonn\u00e9e","og_description":"Dans le cadre des activit\u00e9s du comit\u00e9 des femmes de La Maisonn\u00e9e, nous vous invitons \u00e0 un atelier unique et inspirant","og_url":"https:\/\/lamaisonnee.org\/fr\/events\/vos-reves-en-images-comite-des-femmes\/","og_site_name":"La Maisonn\u00e9e","article_modified_time":"2024-04-19T19:55:30+00:00","twitter_card":"summary_large_image","schema":{"@context":"https:\/\/schema.org","@graph":[{"@type":"WebPage","@id":"https:\/\/lamaisonnee.org\/fr\/events\/vos-reves-en-images-comite-des-femmes\/","url":"https:\/\/lamaisonnee.org\/fr\/events\/vos-reves-en-images-comite-des-femmes\/","name":"Vos r\u00eaves en images - Comit\u00e9 des femmes - La Maisonn\u00e9e","isPartOf":{"@id":"https:\/\/lamaisonnee.org\/fr\/#website"},"datePublished":"2024-03-12T19:55:16+00:00","dateModified":"2024-04-19T19:55:30+00:00","description":"Dans le cadre des activit\u00e9s du comit\u00e9 des femmes de La Maisonn\u00e9e, nous vous invitons \u00e0 un atelier unique et inspirant","breadcrumb":{"@id":"https:\/\/lamaisonnee.org\/fr\/events\/vos-reves-en-images-comite-des-femmes\/#breadcrumb"},"inLanguage":"fr-FR","potentialAction":[{"@type":"ReadAction","target":["https:\/\/lamaisonnee.org\/fr\/events\/vos-reves-en-images-comite-des-femmes\/"]}]},{"@type":"BreadcrumbList","@id":"https:\/\/lamaisonnee.org\/fr\/events\/vos-reves-en-images-comite-des-femmes\/#breadcrumb","itemListElement":[{"@type":"ListItem","position":1,"name":"Accueil","item":"https:\/\/lamaisonnee.org\/fr\/"},{"@type":"ListItem","position":2,"name":"Vos r\u00eaves en images &#8211; Comit\u00e9 des femmes"}]},{"@type":"WebSite","@id":"https:\/\/lamaisonnee.org\/fr\/#website","url":"https:\/\/lamaisonnee.org\/fr\/","name":"La Maisonn\u00e9e","description":"Aide aux immigrants","potentialAction":[{"@type":"SearchAction","target":{"@type":"EntryPoint","urlTemplate":"https:\/\/lamaisonnee.org\/fr\/?s={search_term_string}"},"query-input":{"@type":"PropertyValueSpecification","valueRequired":true,"valueName":"search_term_string"}}],"inLanguage":"fr-FR"}]}},"_links":{"self":[{"href":"https:\/\/lamaisonnee.org\/fr\/wp-json\/wp\/v2\/events\/34509","targetHints":{"allow":["GET"]}}],"collection":[{"href":"https:\/\/lamaisonnee.org\/fr\/wp-json\/wp\/v2\/events"}],"about":[{"href":"https:\/\/lamaisonnee.org\/fr\/wp-json\/wp\/v2\/types\/events"}],"wp:attachment":[{"href":"https:\/\/lamaisonnee.org\/fr\/wp-json\/wp\/v2\/media?parent=34509"}],"wp:term":[{"taxonomy":"cat_events","embeddable":true,"href":"https:\/\/lamaisonnee.org\/fr\/wp-json\/wp\/v2\/cat_events?post=34509"}],"curies":[{"name":"wp","href":"https:\/\/api.w.org\/{rel}","templated":true}]}}