{"id":153406,"date":"2026-04-28T10:23:16","date_gmt":"2026-04-28T14:23:16","guid":{"rendered":"https:\/\/lamaisonnee.org\/?post_type=events&#038;p=153406"},"modified":"2026-04-28T10:23:16","modified_gmt":"2026-04-28T14:23:16","slug":"seance-dinformation-sur-le-systeme-politique-provincial","status":"publish","type":"events","link":"https:\/\/lamaisonnee.org\/fr\/events\/seance-dinformation-sur-le-systeme-politique-provincial\/","title":{"rendered":"S\u00e9ance d\u2019information sur le syst\u00e8me politique provincial"},"template":"","meta":{"_acf_changed":false},"cat_events":[28,24,15,23,51],"class_list":["post-153406","events","type-events","status-publish","hentry","cat_events-aide-a-lemploi","cat_events-aide-aux-devoirs-et-benevolat","cat_events-francisation-et-loisirs","cat_events-immigration-installation","cat_events-volet-jeunesse"],"acf":{"intro":"La Maisonn\u00e9e vous invite \u00e0 participer \u00e0 une s\u00e9ance d\u2019information sur le syst\u00e8me politique provincial au Qu\u00e9bec. Cette s\u00e9ance sera anim\u00e9e par Madame Line Beauchamp, ex-d\u00e9put\u00e9e et membre du Cercle des ex-parlementaires de l\u2019Assembl\u00e9e nationale du Qu\u00e9bec.","type":"ponctuel","date":"20260515","horaire":"\u00e0 14h","place":"notonline","address":"La Maisonn\u00e9e, 6865, rue Christophe-Colomb, Montr\u00e9al","price":"0","show_form":true,"description":"<p>Cette s\u00e9ance sera une belle occasion de mieux comprendre le fonctionnement des institutions politiques au Qu\u00e9bec, ainsi que le r\u00f4le de chacun dans la vie d\u00e9mocratique. Elle permettra \u00e9galement de poser vos questions et d\u2019\u00e9changer sur un sujet au c\u0153ur de la soci\u00e9t\u00e9 qu\u00e9b\u00e9coise.<\/p>\n<p class=\"btn-text\">Pour vous inscrire, veuillez remplir le formulaire dont voici le lien :<\/p>\n<p><a href=\"https:\/\/forms.office.com\/Pages\/ResponsePage.aspx?id=0YFEzUroMUqfJ_oQKyuskdSXCmURcdFOs8RMZXDweiZUNlFFVVVZUlBUMUMzVVpSRExHWlRRS1pKOC4u\" target=\"_blank\" rel=\"noopener\">INSCRIPTION<\/a><\/p>\n<p>Pour plus d\u2019information, veuillez contacter<br \/>\nMaude Tremblay-Vaughan<br \/>\n514 271 3533 p.288<br \/>\n<a href=\"mailto:maud.tremblay@lamaisonnee.org\">maud.tremblay@lamaisonnee.org<\/a><\/p>\n<p>&nbsp;<\/p>\n<p>Au plaisir de vous y voir!<\/p>\n","admi":false,"equipment":"","image":"https:\/\/lamaisonnee.org\/wp-content\/uploads\/2026\/04\/politique.png","level":false,"service":""},"yoast_head":"<!-- This site is optimized with the Yoast SEO plugin v26.4 - https:\/\/yoast.com\/wordpress\/plugins\/seo\/ -->\n<title>S\u00e9ance d\u2019information sur le syst\u00e8me politique provincial - La Maisonn\u00e9e<\/title>\n<meta name=\"robots\" content=\"index, follow, max-snippet:-1, max-image-preview:large, max-video-preview:-1\" \/>\n<link rel=\"canonical\" href=\"https:\/\/lamaisonnee.org\/fr\/events\/seance-dinformation-sur-le-systeme-politique-provincial\/\" \/>\n<meta property=\"og:locale\" content=\"fr_FR\" \/>\n<meta property=\"og:type\" content=\"article\" \/>\n<meta property=\"og:title\" content=\"S\u00e9ance d\u2019information sur le syst\u00e8me politique provincial - La Maisonn\u00e9e\" \/>\n<meta property=\"og:url\" content=\"https:\/\/lamaisonnee.org\/fr\/events\/seance-dinformation-sur-le-systeme-politique-provincial\/\" \/>\n<meta property=\"og:site_name\" content=\"La Maisonn\u00e9e\" \/>\n<meta name=\"twitter:card\" content=\"summary_large_image\" \/>\n<script type=\"application\/ld+json\" class=\"yoast-schema-graph\">{\"@context\":\"https:\/\/schema.org\",\"@graph\":[{\"@type\":\"WebPage\",\"@id\":\"https:\/\/lamaisonnee.org\/fr\/events\/seance-dinformation-sur-le-systeme-politique-provincial\/\",\"url\":\"https:\/\/lamaisonnee.org\/fr\/events\/seance-dinformation-sur-le-systeme-politique-provincial\/\",\"name\":\"S\u00e9ance d\u2019information sur le syst\u00e8me politique provincial - La Maisonn\u00e9e\",\"isPartOf\":{\"@id\":\"https:\/\/lamaisonnee.org\/fr\/#website\"},\"datePublished\":\"2026-04-28T14:23:16+00:00\",\"breadcrumb\":{\"@id\":\"https:\/\/lamaisonnee.org\/fr\/events\/seance-dinformation-sur-le-systeme-politique-provincial\/#breadcrumb\"},\"inLanguage\":\"fr-FR\",\"potentialAction\":[{\"@type\":\"ReadAction\",\"target\":[\"https:\/\/lamaisonnee.org\/fr\/events\/seance-dinformation-sur-le-systeme-politique-provincial\/\"]}]},{\"@type\":\"BreadcrumbList\",\"@id\":\"https:\/\/lamaisonnee.org\/fr\/events\/seance-dinformation-sur-le-systeme-politique-provincial\/#breadcrumb\",\"itemListElement\":[{\"@type\":\"ListItem\",\"position\":1,\"name\":\"Accueil\",\"item\":\"https:\/\/lamaisonnee.org\/fr\/\"},{\"@type\":\"ListItem\",\"position\":2,\"name\":\"S\u00e9ance d\u2019information sur le syst\u00e8me politique provincial\"}]},{\"@type\":\"WebSite\",\"@id\":\"https:\/\/lamaisonnee.org\/fr\/#website\",\"url\":\"https:\/\/lamaisonnee.org\/fr\/\",\"name\":\"La Maisonn\u00e9e\",\"description\":\"Aide aux immigrants\",\"potentialAction\":[{\"@type\":\"SearchAction\",\"target\":{\"@type\":\"EntryPoint\",\"urlTemplate\":\"https:\/\/lamaisonnee.org\/fr\/?s={search_term_string}\"},\"query-input\":{\"@type\":\"PropertyValueSpecification\",\"valueRequired\":true,\"valueName\":\"search_term_string\"}}],\"inLanguage\":\"fr-FR\"}]}<\/script>\n<!-- \/ Yoast SEO plugin. -->","yoast_head_json":{"title":"S\u00e9ance d\u2019information sur le syst\u00e8me politique provincial - La Maisonn\u00e9e","robots":{"index":"index","follow":"follow","max-snippet":"max-snippet:-1","max-image-preview":"max-image-preview:large","max-video-preview":"max-video-preview:-1"},"canonical":"https:\/\/lamaisonnee.org\/fr\/events\/seance-dinformation-sur-le-systeme-politique-provincial\/","og_locale":"fr_FR","og_type":"article","og_title":"S\u00e9ance d\u2019information sur le syst\u00e8me politique provincial - La Maisonn\u00e9e","og_url":"https:\/\/lamaisonnee.org\/fr\/events\/seance-dinformation-sur-le-systeme-politique-provincial\/","og_site_name":"La Maisonn\u00e9e","twitter_card":"summary_large_image","schema":{"@context":"https:\/\/schema.org","@graph":[{"@type":"WebPage","@id":"https:\/\/lamaisonnee.org\/fr\/events\/seance-dinformation-sur-le-systeme-politique-provincial\/","url":"https:\/\/lamaisonnee.org\/fr\/events\/seance-dinformation-sur-le-systeme-politique-provincial\/","name":"S\u00e9ance d\u2019information sur le syst\u00e8me politique provincial - La Maisonn\u00e9e","isPartOf":{"@id":"https:\/\/lamaisonnee.org\/fr\/#website"},"datePublished":"2026-04-28T14:23:16+00:00","breadcrumb":{"@id":"https:\/\/lamaisonnee.org\/fr\/events\/seance-dinformation-sur-le-systeme-politique-provincial\/#breadcrumb"},"inLanguage":"fr-FR","potentialAction":[{"@type":"ReadAction","target":["https:\/\/lamaisonnee.org\/fr\/events\/seance-dinformation-sur-le-systeme-politique-provincial\/"]}]},{"@type":"BreadcrumbList","@id":"https:\/\/lamaisonnee.org\/fr\/events\/seance-dinformation-sur-le-systeme-politique-provincial\/#breadcrumb","itemListElement":[{"@type":"ListItem","position":1,"name":"Accueil","item":"https:\/\/lamaisonnee.org\/fr\/"},{"@type":"ListItem","position":2,"name":"S\u00e9ance d\u2019information sur le syst\u00e8me politique provincial"}]},{"@type":"WebSite","@id":"https:\/\/lamaisonnee.org\/fr\/#website","url":"https:\/\/lamaisonnee.org\/fr\/","name":"La Maisonn\u00e9e","description":"Aide aux immigrants","potentialAction":[{"@type":"SearchAction","target":{"@type":"EntryPoint","urlTemplate":"https:\/\/lamaisonnee.org\/fr\/?s={search_term_string}"},"query-input":{"@type":"PropertyValueSpecification","valueRequired":true,"valueName":"search_term_string"}}],"inLanguage":"fr-FR"}]}},"_links":{"self":[{"href":"https:\/\/lamaisonnee.org\/fr\/wp-json\/wp\/v2\/events\/153406","targetHints":{"allow":["GET"]}}],"collection":[{"href":"https:\/\/lamaisonnee.org\/fr\/wp-json\/wp\/v2\/events"}],"about":[{"href":"https:\/\/lamaisonnee.org\/fr\/wp-json\/wp\/v2\/types\/events"}],"wp:attachment":[{"href":"https:\/\/lamaisonnee.org\/fr\/wp-json\/wp\/v2\/media?parent=153406"}],"wp:term":[{"taxonomy":"cat_events","embeddable":true,"href":"https:\/\/lamaisonnee.org\/fr\/wp-json\/wp\/v2\/cat_events?post=153406"}],"curies":[{"name":"wp","href":"https:\/\/api.w.org\/{rel}","templated":true}]}}