{"id":150958,"date":"2025-12-11T10:20:32","date_gmt":"2025-12-11T15:20:32","guid":{"rendered":"https:\/\/lamaisonnee.org\/?post_type=events&#038;p=150958"},"modified":"2026-01-22T15:46:34","modified_gmt":"2026-01-22T20:46:34","slug":"atelier-separation-immigration","status":"publish","type":"events","link":"https:\/\/lamaisonnee.org\/fr\/events\/atelier-separation-immigration\/","title":{"rendered":"Atelier du comit\u00e9 des femmes : Partir et se reconstruire \u2013 Se s\u00e9parer ou divorcer en contexte d\u2019immigration \u2013 Les enfants."},"template":"","meta":{"_acf_changed":false},"cat_events":[23],"class_list":["post-150958","events","type-events","status-publish","hentry","cat_events-immigration-installation"],"acf":{"intro":"Le Comit\u00e9 femmes de La Maisonn\u00e9e offrira une s\u00e9rie d\u2019ateliers portant sur la s\u00e9paration ainsi que sur les droits et lois qui l\u2019entourent. Intitul\u00e9e \u00ab Partir et se reconstruire \u2013 Se s\u00e9parer ou divorcer en contexte d\u2019immigration \u00bb.","type":"ponctuel","date":"20260213","horaire":"\u00e0 10h","place":"notonline","address":"La Maisonn\u00e9e au 6865, Rue Christophe-Colomb, Montr\u00e9al","price":"0","show_form":true,"description":"<p>Gr\u00e2ce \u00e0 des mises en situation illustr\u00e9es, ces ateliers permettront aux femmes immigrantes de mieux comprendre les cons\u00e9quences et les ressources li\u00e9es \u00e0 diff\u00e9rentes th\u00e9matiques entourant la s\u00e9paration et le divorce au Qu\u00e9bec.<\/p>\n<p>Ce second atelier portera sur les enfants et la dynamique familiale<\/p>\n<p>\u00c0 la fin de la s\u00e9rie, les participantes seront en mesure de :<br \/>\n\u2013 reconna\u00eetre les cons\u00e9quences juridiques de la s\u00e9paration ou du divorce;<br \/>\n\u2013 identifier les premi\u00e8res \u00e9tapes pour amorcer une s\u00e9paration ou un divorce;<br \/>\n\u2013 trouver les informations et les ressources juridiques pertinentes sur ce sujet.<\/p>\n<p><strong>Date : vendredi le 13 janvier<\/strong><\/p>\n<p><strong>Heure : 10h<\/strong><\/p>\n<p><strong>Lieu : La Maisonn\u00e9e<\/strong><\/p>\n<p><strong>Adresse : 6865, Rue Christophe-Colomb, Montr\u00e9al<\/strong><\/p>\n<p>&nbsp;<\/p>\n<p><strong>Pour vous inscrire, veuillez remplir le formulaire dont voici le lien\u00a0:<\/strong><\/p>\n<p class=\"btn-text\"><a href=\"https:\/\/forms.office.com\/r\/GvssEtiH6P\" target=\"_blank\" rel=\"noopener\">INSCRIPTION<\/a><\/p>\n<p><strong>\u00a0<\/strong><\/p>\n<p>Pour plus d\u2019information veuillez contacter Maude Tremblay-Vaughan<\/p>\n<p>514\u00a0271 3533 p.288<\/p>\n<p>maud.tremblay@lamaisonnee.org<\/p>\n","admi":false,"equipment":"","image":"https:\/\/lamaisonnee.org\/wp-content\/uploads\/2025\/12\/Comite-femmes-ICI-sante-5.png","level":false,"service":""},"yoast_head":"<!-- This site is optimized with the Yoast SEO plugin v26.4 - https:\/\/yoast.com\/wordpress\/plugins\/seo\/ -->\n<title>Atelier du comit\u00e9 des femmes : Partir et se reconstruire \u2013 Se s\u00e9parer ou divorcer en contexte d\u2019immigration \u2013 Les enfants. - La Maisonn\u00e9e<\/title>\n<meta name=\"robots\" content=\"index, follow, max-snippet:-1, max-image-preview:large, max-video-preview:-1\" \/>\n<link rel=\"canonical\" href=\"https:\/\/lamaisonnee.org\/fr\/events\/atelier-separation-immigration\/\" \/>\n<meta property=\"og:locale\" content=\"fr_FR\" \/>\n<meta property=\"og:type\" content=\"article\" \/>\n<meta property=\"og:title\" content=\"Atelier du comit\u00e9 des femmes : Partir et se reconstruire \u2013 Se s\u00e9parer ou divorcer en contexte d\u2019immigration \u2013 Les enfants. - La Maisonn\u00e9e\" \/>\n<meta property=\"og:url\" content=\"https:\/\/lamaisonnee.org\/fr\/events\/atelier-separation-immigration\/\" \/>\n<meta property=\"og:site_name\" content=\"La Maisonn\u00e9e\" \/>\n<meta property=\"article:modified_time\" content=\"2026-01-22T20:46:34+00:00\" \/>\n<meta name=\"twitter:card\" content=\"summary_large_image\" \/>\n<script type=\"application\/ld+json\" class=\"yoast-schema-graph\">{\"@context\":\"https:\/\/schema.org\",\"@graph\":[{\"@type\":\"WebPage\",\"@id\":\"https:\/\/lamaisonnee.org\/fr\/events\/atelier-separation-immigration\/\",\"url\":\"https:\/\/lamaisonnee.org\/fr\/events\/atelier-separation-immigration\/\",\"name\":\"Atelier du comit\u00e9 des femmes : Partir et se reconstruire \u2013 Se s\u00e9parer ou divorcer en contexte d\u2019immigration \u2013 Les enfants. - La Maisonn\u00e9e\",\"isPartOf\":{\"@id\":\"https:\/\/lamaisonnee.org\/fr\/#website\"},\"datePublished\":\"2025-12-11T15:20:32+00:00\",\"dateModified\":\"2026-01-22T20:46:34+00:00\",\"breadcrumb\":{\"@id\":\"https:\/\/lamaisonnee.org\/fr\/events\/atelier-separation-immigration\/#breadcrumb\"},\"inLanguage\":\"fr-FR\",\"potentialAction\":[{\"@type\":\"ReadAction\",\"target\":[\"https:\/\/lamaisonnee.org\/fr\/events\/atelier-separation-immigration\/\"]}]},{\"@type\":\"BreadcrumbList\",\"@id\":\"https:\/\/lamaisonnee.org\/fr\/events\/atelier-separation-immigration\/#breadcrumb\",\"itemListElement\":[{\"@type\":\"ListItem\",\"position\":1,\"name\":\"Accueil\",\"item\":\"https:\/\/lamaisonnee.org\/fr\/\"},{\"@type\":\"ListItem\",\"position\":2,\"name\":\"Atelier du comit\u00e9 des femmes : Partir et se reconstruire \u2013 Se s\u00e9parer ou divorcer en contexte d\u2019immigration \u2013 Les enfants.\"}]},{\"@type\":\"WebSite\",\"@id\":\"https:\/\/lamaisonnee.org\/fr\/#website\",\"url\":\"https:\/\/lamaisonnee.org\/fr\/\",\"name\":\"La Maisonn\u00e9e\",\"description\":\"Aide aux immigrants\",\"potentialAction\":[{\"@type\":\"SearchAction\",\"target\":{\"@type\":\"EntryPoint\",\"urlTemplate\":\"https:\/\/lamaisonnee.org\/fr\/?s={search_term_string}\"},\"query-input\":{\"@type\":\"PropertyValueSpecification\",\"valueRequired\":true,\"valueName\":\"search_term_string\"}}],\"inLanguage\":\"fr-FR\"}]}<\/script>\n<!-- \/ Yoast SEO plugin. -->","yoast_head_json":{"title":"Atelier du comit\u00e9 des femmes : Partir et se reconstruire \u2013 Se s\u00e9parer ou divorcer en contexte d\u2019immigration \u2013 Les enfants. - La Maisonn\u00e9e","robots":{"index":"index","follow":"follow","max-snippet":"max-snippet:-1","max-image-preview":"max-image-preview:large","max-video-preview":"max-video-preview:-1"},"canonical":"https:\/\/lamaisonnee.org\/fr\/events\/atelier-separation-immigration\/","og_locale":"fr_FR","og_type":"article","og_title":"Atelier du comit\u00e9 des femmes : Partir et se reconstruire \u2013 Se s\u00e9parer ou divorcer en contexte d\u2019immigration \u2013 Les enfants. - La Maisonn\u00e9e","og_url":"https:\/\/lamaisonnee.org\/fr\/events\/atelier-separation-immigration\/","og_site_name":"La Maisonn\u00e9e","article_modified_time":"2026-01-22T20:46:34+00:00","twitter_card":"summary_large_image","schema":{"@context":"https:\/\/schema.org","@graph":[{"@type":"WebPage","@id":"https:\/\/lamaisonnee.org\/fr\/events\/atelier-separation-immigration\/","url":"https:\/\/lamaisonnee.org\/fr\/events\/atelier-separation-immigration\/","name":"Atelier du comit\u00e9 des femmes : Partir et se reconstruire \u2013 Se s\u00e9parer ou divorcer en contexte d\u2019immigration \u2013 Les enfants. - La Maisonn\u00e9e","isPartOf":{"@id":"https:\/\/lamaisonnee.org\/fr\/#website"},"datePublished":"2025-12-11T15:20:32+00:00","dateModified":"2026-01-22T20:46:34+00:00","breadcrumb":{"@id":"https:\/\/lamaisonnee.org\/fr\/events\/atelier-separation-immigration\/#breadcrumb"},"inLanguage":"fr-FR","potentialAction":[{"@type":"ReadAction","target":["https:\/\/lamaisonnee.org\/fr\/events\/atelier-separation-immigration\/"]}]},{"@type":"BreadcrumbList","@id":"https:\/\/lamaisonnee.org\/fr\/events\/atelier-separation-immigration\/#breadcrumb","itemListElement":[{"@type":"ListItem","position":1,"name":"Accueil","item":"https:\/\/lamaisonnee.org\/fr\/"},{"@type":"ListItem","position":2,"name":"Atelier du comit\u00e9 des femmes : Partir et se reconstruire \u2013 Se s\u00e9parer ou divorcer en contexte d\u2019immigration \u2013 Les enfants."}]},{"@type":"WebSite","@id":"https:\/\/lamaisonnee.org\/fr\/#website","url":"https:\/\/lamaisonnee.org\/fr\/","name":"La Maisonn\u00e9e","description":"Aide aux immigrants","potentialAction":[{"@type":"SearchAction","target":{"@type":"EntryPoint","urlTemplate":"https:\/\/lamaisonnee.org\/fr\/?s={search_term_string}"},"query-input":{"@type":"PropertyValueSpecification","valueRequired":true,"valueName":"search_term_string"}}],"inLanguage":"fr-FR"}]}},"_links":{"self":[{"href":"https:\/\/lamaisonnee.org\/fr\/wp-json\/wp\/v2\/events\/150958","targetHints":{"allow":["GET"]}}],"collection":[{"href":"https:\/\/lamaisonnee.org\/fr\/wp-json\/wp\/v2\/events"}],"about":[{"href":"https:\/\/lamaisonnee.org\/fr\/wp-json\/wp\/v2\/types\/events"}],"wp:attachment":[{"href":"https:\/\/lamaisonnee.org\/fr\/wp-json\/wp\/v2\/media?parent=150958"}],"wp:term":[{"taxonomy":"cat_events","embeddable":true,"href":"https:\/\/lamaisonnee.org\/fr\/wp-json\/wp\/v2\/cat_events?post=150958"}],"curies":[{"name":"wp","href":"https:\/\/api.w.org\/{rel}","templated":true}]}}