{"id":146761,"date":"2025-06-25T16:06:18","date_gmt":"2025-06-25T20:06:18","guid":{"rendered":"https:\/\/lamaisonnee.org\/?post_type=events&#038;p=146761"},"modified":"2025-07-04T14:32:21","modified_gmt":"2025-07-04T18:32:21","slug":"decouvrez-le-musee-de-la-police-de-montreal","status":"publish","type":"events","link":"https:\/\/lamaisonnee.org\/fr\/events\/decouvrez-le-musee-de-la-police-de-montreal\/","title":{"rendered":"Annul\u00e9 &#8211; D\u00e9couvrez le Mus\u00e9e de la Police de Montr\u00e9al !"},"template":"","meta":{"_acf_changed":false},"cat_events":[23],"class_list":["post-146761","events","type-events","status-publish","hentry","cat_events-immigration-installation"],"acf":{"intro":"Vous aimeriez en savoir plus sur le service de police de la ville de Montr\u00e9al et son histoire ?","type":"ponctuel","date":"20250703","horaire":"\u00e0 10h","place":"notonline","address":"1441 Rue Saint-Urbain, Montr\u00e9al, QC H2X 2M6","price":"0","show_form":true,"description":"<p class=\"btn-text\"><a href=\"https:\/\/docs.google.com\/forms\/d\/e\/1FAIpQLSeFHn1fiHOht1WcdjJPP1t3TBhscLkAlqXYTdtBnc66fg6Sxg\/viewform?usp=preview\" target=\"_blank\" rel=\"noopener\">Inscription ici\u00a0<\/a><\/p>\n<p>Venez d\u00e9couvrir le Mus\u00e9e de la police ! Cette visite vous permettra d\u2019en apprendre davantage sur l\u2019histoire du service de police de la ville de Montr\u00e9al, que ce soit \u00e0 propos des moyens de communication ou m\u00eame des moyens de transport \u00e0 travers le temps.<\/p>\n<p>Pour plus de renseignements, veuillez contacter : Julien Fortier-Auclair au <a href=\"mailto:julien.fortier-auclair@lamaisonnee.org\">julien.fortier-auclair@lamaisonnee.org<\/a><\/p>\n<p>En collaboration avec la SPVM police du poste 35 : <a href=\"https:\/\/spvm.qc.ca\/fr\/pdq35\" target=\"_blank\" rel=\"noopener\">https:\/\/spvm.qc.ca\/fr\/pdq35\u00a0<\/a><\/p>\n","admi":false,"equipment":"","image":"https:\/\/lamaisonnee.org\/wp-content\/uploads\/2025\/06\/atelier-police-spvm.jpg","level":false,"service":""},"yoast_head":"<!-- This site is optimized with the Yoast SEO plugin v26.4 - https:\/\/yoast.com\/wordpress\/plugins\/seo\/ -->\n<title>Annul\u00e9 - D\u00e9couvrez le Mus\u00e9e de la Police de Montr\u00e9al ! - La Maisonn\u00e9e<\/title>\n<meta name=\"robots\" content=\"index, follow, max-snippet:-1, max-image-preview:large, max-video-preview:-1\" \/>\n<link rel=\"canonical\" href=\"https:\/\/lamaisonnee.org\/fr\/events\/decouvrez-le-musee-de-la-police-de-montreal\/\" \/>\n<meta property=\"og:locale\" content=\"fr_FR\" \/>\n<meta property=\"og:type\" content=\"article\" \/>\n<meta property=\"og:title\" content=\"Annul\u00e9 - D\u00e9couvrez le Mus\u00e9e de la Police de Montr\u00e9al ! - La Maisonn\u00e9e\" \/>\n<meta property=\"og:url\" content=\"https:\/\/lamaisonnee.org\/fr\/events\/decouvrez-le-musee-de-la-police-de-montreal\/\" \/>\n<meta property=\"og:site_name\" content=\"La Maisonn\u00e9e\" \/>\n<meta property=\"article:modified_time\" content=\"2025-07-04T18:32:21+00:00\" \/>\n<meta name=\"twitter:card\" content=\"summary_large_image\" \/>\n<script type=\"application\/ld+json\" class=\"yoast-schema-graph\">{\"@context\":\"https:\/\/schema.org\",\"@graph\":[{\"@type\":\"WebPage\",\"@id\":\"https:\/\/lamaisonnee.org\/fr\/events\/decouvrez-le-musee-de-la-police-de-montreal\/\",\"url\":\"https:\/\/lamaisonnee.org\/fr\/events\/decouvrez-le-musee-de-la-police-de-montreal\/\",\"name\":\"Annul\u00e9 - D\u00e9couvrez le Mus\u00e9e de la Police de Montr\u00e9al ! - La Maisonn\u00e9e\",\"isPartOf\":{\"@id\":\"https:\/\/lamaisonnee.org\/fr\/#website\"},\"datePublished\":\"2025-06-25T20:06:18+00:00\",\"dateModified\":\"2025-07-04T18:32:21+00:00\",\"breadcrumb\":{\"@id\":\"https:\/\/lamaisonnee.org\/fr\/events\/decouvrez-le-musee-de-la-police-de-montreal\/#breadcrumb\"},\"inLanguage\":\"fr-FR\",\"potentialAction\":[{\"@type\":\"ReadAction\",\"target\":[\"https:\/\/lamaisonnee.org\/fr\/events\/decouvrez-le-musee-de-la-police-de-montreal\/\"]}]},{\"@type\":\"BreadcrumbList\",\"@id\":\"https:\/\/lamaisonnee.org\/fr\/events\/decouvrez-le-musee-de-la-police-de-montreal\/#breadcrumb\",\"itemListElement\":[{\"@type\":\"ListItem\",\"position\":1,\"name\":\"Accueil\",\"item\":\"https:\/\/lamaisonnee.org\/fr\/\"},{\"@type\":\"ListItem\",\"position\":2,\"name\":\"Annul\u00e9 &#8211; D\u00e9couvrez le Mus\u00e9e de la Police de Montr\u00e9al !\"}]},{\"@type\":\"WebSite\",\"@id\":\"https:\/\/lamaisonnee.org\/fr\/#website\",\"url\":\"https:\/\/lamaisonnee.org\/fr\/\",\"name\":\"La Maisonn\u00e9e\",\"description\":\"Aide aux immigrants\",\"potentialAction\":[{\"@type\":\"SearchAction\",\"target\":{\"@type\":\"EntryPoint\",\"urlTemplate\":\"https:\/\/lamaisonnee.org\/fr\/?s={search_term_string}\"},\"query-input\":{\"@type\":\"PropertyValueSpecification\",\"valueRequired\":true,\"valueName\":\"search_term_string\"}}],\"inLanguage\":\"fr-FR\"}]}<\/script>\n<!-- \/ Yoast SEO plugin. -->","yoast_head_json":{"title":"Annul\u00e9 - D\u00e9couvrez le Mus\u00e9e de la Police de Montr\u00e9al ! - La Maisonn\u00e9e","robots":{"index":"index","follow":"follow","max-snippet":"max-snippet:-1","max-image-preview":"max-image-preview:large","max-video-preview":"max-video-preview:-1"},"canonical":"https:\/\/lamaisonnee.org\/fr\/events\/decouvrez-le-musee-de-la-police-de-montreal\/","og_locale":"fr_FR","og_type":"article","og_title":"Annul\u00e9 - D\u00e9couvrez le Mus\u00e9e de la Police de Montr\u00e9al ! - La Maisonn\u00e9e","og_url":"https:\/\/lamaisonnee.org\/fr\/events\/decouvrez-le-musee-de-la-police-de-montreal\/","og_site_name":"La Maisonn\u00e9e","article_modified_time":"2025-07-04T18:32:21+00:00","twitter_card":"summary_large_image","schema":{"@context":"https:\/\/schema.org","@graph":[{"@type":"WebPage","@id":"https:\/\/lamaisonnee.org\/fr\/events\/decouvrez-le-musee-de-la-police-de-montreal\/","url":"https:\/\/lamaisonnee.org\/fr\/events\/decouvrez-le-musee-de-la-police-de-montreal\/","name":"Annul\u00e9 - D\u00e9couvrez le Mus\u00e9e de la Police de Montr\u00e9al ! - La Maisonn\u00e9e","isPartOf":{"@id":"https:\/\/lamaisonnee.org\/fr\/#website"},"datePublished":"2025-06-25T20:06:18+00:00","dateModified":"2025-07-04T18:32:21+00:00","breadcrumb":{"@id":"https:\/\/lamaisonnee.org\/fr\/events\/decouvrez-le-musee-de-la-police-de-montreal\/#breadcrumb"},"inLanguage":"fr-FR","potentialAction":[{"@type":"ReadAction","target":["https:\/\/lamaisonnee.org\/fr\/events\/decouvrez-le-musee-de-la-police-de-montreal\/"]}]},{"@type":"BreadcrumbList","@id":"https:\/\/lamaisonnee.org\/fr\/events\/decouvrez-le-musee-de-la-police-de-montreal\/#breadcrumb","itemListElement":[{"@type":"ListItem","position":1,"name":"Accueil","item":"https:\/\/lamaisonnee.org\/fr\/"},{"@type":"ListItem","position":2,"name":"Annul\u00e9 &#8211; D\u00e9couvrez le Mus\u00e9e de la Police de Montr\u00e9al !"}]},{"@type":"WebSite","@id":"https:\/\/lamaisonnee.org\/fr\/#website","url":"https:\/\/lamaisonnee.org\/fr\/","name":"La Maisonn\u00e9e","description":"Aide aux immigrants","potentialAction":[{"@type":"SearchAction","target":{"@type":"EntryPoint","urlTemplate":"https:\/\/lamaisonnee.org\/fr\/?s={search_term_string}"},"query-input":{"@type":"PropertyValueSpecification","valueRequired":true,"valueName":"search_term_string"}}],"inLanguage":"fr-FR"}]}},"_links":{"self":[{"href":"https:\/\/lamaisonnee.org\/fr\/wp-json\/wp\/v2\/events\/146761","targetHints":{"allow":["GET"]}}],"collection":[{"href":"https:\/\/lamaisonnee.org\/fr\/wp-json\/wp\/v2\/events"}],"about":[{"href":"https:\/\/lamaisonnee.org\/fr\/wp-json\/wp\/v2\/types\/events"}],"wp:attachment":[{"href":"https:\/\/lamaisonnee.org\/fr\/wp-json\/wp\/v2\/media?parent=146761"}],"wp:term":[{"taxonomy":"cat_events","embeddable":true,"href":"https:\/\/lamaisonnee.org\/fr\/wp-json\/wp\/v2\/cat_events?post=146761"}],"curies":[{"name":"wp","href":"https:\/\/api.w.org\/{rel}","templated":true}]}}