{"id":136344,"date":"2025-02-27T16:09:54","date_gmt":"2025-02-27T21:09:54","guid":{"rendered":"https:\/\/lamaisonnee.org\/?post_type=events&#038;p=136344"},"modified":"2025-02-27T16:11:01","modified_gmt":"2025-02-27T21:11:01","slug":"rencontre-spvm-montreal","status":"publish","type":"events","link":"https:\/\/lamaisonnee.org\/fr\/events\/rencontre-spvm-montreal\/","title":{"rendered":"\u00c9change sur nos Droits et Responsabilit\u00e9s : Rencontre avec le SPVM"},"template":"","meta":{"_acf_changed":false},"cat_events":[24,51],"class_list":["post-136344","events","type-events","status-publish","hentry","cat_events-aide-aux-devoirs-et-benevolat","cat_events-volet-jeunesse"],"acf":{"intro":"Cet atelier interactif, organis\u00e9 par La Maisonn\u00e9e, est une occasion unique de discuter de vos droits et responsabilit\u00e9s en tant que citoyen au Qu\u00e9bec.","type":"ponctuel","date_recurrent":{"date":"20250118","enddate":"20250329","frequence":"weekly","text":"Chaque samedi "},"horaire":"\u00e0 15h30","place":"notonline","address":"La Maisonn\u00e9e, 6865 Avenue Christophe Colomb, H2S 2H3, Montr\u00e9al, QC, Canada.","price":"0","show_form":true,"description":"<p class=\"btn-text\" data-start=\"96\" data-end=\"612\">En collaboration avec le Service de la Police de la Ville de Montr\u00e9al (SPVM), cet \u00e9v\u00e9nement vous permettra d&rsquo;explorer des sujets essentiels tels que vos droits sur la route, vos responsabilit\u00e9s en tant qu&rsquo;utilisateur des services publics, ainsi que les situations o\u00f9 vous pourriez vous sentir que vos droits n&rsquo;ont pas \u00e9t\u00e9 respect\u00e9s.<\/p>\n<p class=\"btn-text\">Pour vous inscrire, remplissez ce<\/p>\n<p class=\"btn-text\">\n<a href=\"https:\/\/forms.office.com\/\/Pages\/ResponsePage.aspx?id=0YFEzUroMUqfJ_oQKyuskXyQjpU3O7lLgwIvMGsUpi1UNERLNVNaSTdaTEhYNjE1STU2TTI0M1ZNOC4u&amp;fromie=true\" target=\"_blank\" rel=\"noopener\">formulaire<\/a><\/p>\n<p data-start=\"614\" data-end=\"630\">Au programme :<\/p>\n<ul data-start=\"631\" data-end=\"940\">\n<li style=\"list-style-type: none;\">\n<ul>\n<li><strong><em>Connaissez-vous vos responsabilit\u00e9s en tant que membre de la soci\u00e9t\u00e9 qu\u00e9b\u00e9coise ? <\/em><\/strong><\/li>\n<li><strong><em>Connaissez-vous vos droits sur la route ? <\/em><\/strong><\/li>\n<li><strong><em>Connaissez-vous vos devoirs en utilisant les services publics ? <\/em><\/strong><\/li>\n<li><strong><em>Avez-vous v\u00e9cu une exp\u00e9rience lors de laquelle vous croyez que vos droits n&rsquo;ont pas \u00e9t\u00e9 respect\u00e9s ? <\/em><\/strong><\/li>\n<li>Voici quelques exemples de sujets abord\u00e9s.<\/li>\n<\/ul>\n<\/li>\n<li data-start=\"858\" data-end=\"940\"><strong data-start=\"860\" data-end=\"940\"><strong data-start=\"860\" data-end=\"940\">Partager vos exp\u00e9riences et poser vos questions \u00e0 des repr\u00e9sentants du SPVM.<\/strong><\/strong><\/li>\n<\/ul>\n<p data-start=\"942\" data-end=\"1233\">Venez discuter, poser des questions, exprimer vos pr\u00e9occupations et obtenir des r\u00e9ponses claires et d\u00e9taill\u00e9es de la part de la police de Montr\u00e9al. Cet \u00e9v\u00e9nement est un espace ouvert de dialogue pour renforcer la confiance et mieux comprendre les interactions citoyennes avec les autorit\u00e9s.<\/p>\n<p data-start=\"1235\" data-end=\"1260\"><strong data-start=\"1235\" data-end=\"1258\">D\u00e9tails pratiques :<\/strong><\/p>\n<ul data-start=\"1261\" data-end=\"1374\">\n<li data-start=\"1261\" data-end=\"1315\"><strong data-start=\"1263\" data-end=\"1273\">Lieu :<\/strong> 6865 Avenue Christophe-Colomb, Montr\u00e9al<\/li>\n<li data-start=\"1316\" data-end=\"1352\"><strong data-start=\"1318\" data-end=\"1328\">Date :<\/strong> Vendredi, 7 mars 2025<\/li>\n<li data-start=\"1353\" data-end=\"1374\"><strong data-start=\"1355\" data-end=\"1366\">Heure :<\/strong> 15h30<\/li>\n<\/ul>\n<p class=\"btn-text\" data-start=\"1376\" data-end=\"1484\" data-is-last-node=\"\" data-is-only-node=\"\">Rejoignez-nous pour cet atelier enrichissant et \u00e9changeons ensemble sur des sujets qui nous concernent tous.<\/p>\n<p class=\"btn-text\">.<\/p>\n","admi":false,"equipment":"","image":"https:\/\/lamaisonnee.org\/wp-content\/uploads\/2025\/02\/Atelier-avec-la-SPVM-de-montreal-sur-les-droits-au-quebec.png","level":false,"service":"","date":"20250307"},"yoast_head":"<!-- This site is optimized with the Yoast SEO plugin v26.4 - https:\/\/yoast.com\/wordpress\/plugins\/seo\/ -->\n<title>\u00c9change sur nos Droits et Responsabilit\u00e9s : Rencontre avec le SPVM - La Maisonn\u00e9e<\/title>\n<meta name=\"description\" content=\"\u00c9change sur nos Droits et Responsabilit\u00e9s : rencontre avec le SPVM (service de police de Montreal), discussions, droits, questions etc...\" \/>\n<meta name=\"robots\" content=\"index, follow, max-snippet:-1, max-image-preview:large, max-video-preview:-1\" \/>\n<link rel=\"canonical\" href=\"https:\/\/lamaisonnee.org\/fr\/events\/rencontre-spvm-montreal\/\" \/>\n<meta property=\"og:locale\" content=\"fr_FR\" \/>\n<meta property=\"og:type\" content=\"article\" \/>\n<meta property=\"og:title\" content=\"\u00c9change sur nos Droits et Responsabilit\u00e9s : Rencontre avec le SPVM - La Maisonn\u00e9e\" \/>\n<meta property=\"og:description\" content=\"\u00c9change sur nos Droits et Responsabilit\u00e9s : rencontre avec le SPVM (service de police de Montreal), discussions, droits, questions etc...\" \/>\n<meta property=\"og:url\" content=\"https:\/\/lamaisonnee.org\/fr\/events\/rencontre-spvm-montreal\/\" \/>\n<meta property=\"og:site_name\" content=\"La Maisonn\u00e9e\" \/>\n<meta property=\"article:modified_time\" content=\"2025-02-27T21:11:01+00:00\" \/>\n<meta name=\"twitter:card\" content=\"summary_large_image\" \/>\n<script type=\"application\/ld+json\" class=\"yoast-schema-graph\">{\"@context\":\"https:\/\/schema.org\",\"@graph\":[{\"@type\":\"WebPage\",\"@id\":\"https:\/\/lamaisonnee.org\/fr\/events\/rencontre-spvm-montreal\/\",\"url\":\"https:\/\/lamaisonnee.org\/fr\/events\/rencontre-spvm-montreal\/\",\"name\":\"\u00c9change sur nos Droits et Responsabilit\u00e9s : Rencontre avec le SPVM - La Maisonn\u00e9e\",\"isPartOf\":{\"@id\":\"https:\/\/lamaisonnee.org\/fr\/#website\"},\"datePublished\":\"2025-02-27T21:09:54+00:00\",\"dateModified\":\"2025-02-27T21:11:01+00:00\",\"description\":\"\u00c9change sur nos Droits et Responsabilit\u00e9s : rencontre avec le SPVM (service de police de Montreal), discussions, droits, questions etc...\",\"breadcrumb\":{\"@id\":\"https:\/\/lamaisonnee.org\/fr\/events\/rencontre-spvm-montreal\/#breadcrumb\"},\"inLanguage\":\"fr-FR\",\"potentialAction\":[{\"@type\":\"ReadAction\",\"target\":[\"https:\/\/lamaisonnee.org\/fr\/events\/rencontre-spvm-montreal\/\"]}]},{\"@type\":\"BreadcrumbList\",\"@id\":\"https:\/\/lamaisonnee.org\/fr\/events\/rencontre-spvm-montreal\/#breadcrumb\",\"itemListElement\":[{\"@type\":\"ListItem\",\"position\":1,\"name\":\"Accueil\",\"item\":\"https:\/\/lamaisonnee.org\/fr\/\"},{\"@type\":\"ListItem\",\"position\":2,\"name\":\"\u00c9change sur nos Droits et Responsabilit\u00e9s : Rencontre avec le SPVM\"}]},{\"@type\":\"WebSite\",\"@id\":\"https:\/\/lamaisonnee.org\/fr\/#website\",\"url\":\"https:\/\/lamaisonnee.org\/fr\/\",\"name\":\"La Maisonn\u00e9e\",\"description\":\"Aide aux immigrants\",\"potentialAction\":[{\"@type\":\"SearchAction\",\"target\":{\"@type\":\"EntryPoint\",\"urlTemplate\":\"https:\/\/lamaisonnee.org\/fr\/?s={search_term_string}\"},\"query-input\":{\"@type\":\"PropertyValueSpecification\",\"valueRequired\":true,\"valueName\":\"search_term_string\"}}],\"inLanguage\":\"fr-FR\"}]}<\/script>\n<!-- \/ Yoast SEO plugin. -->","yoast_head_json":{"title":"\u00c9change sur nos Droits et Responsabilit\u00e9s : Rencontre avec le SPVM - La Maisonn\u00e9e","description":"\u00c9change sur nos Droits et Responsabilit\u00e9s : rencontre avec le SPVM (service de police de Montreal), discussions, droits, questions etc...","robots":{"index":"index","follow":"follow","max-snippet":"max-snippet:-1","max-image-preview":"max-image-preview:large","max-video-preview":"max-video-preview:-1"},"canonical":"https:\/\/lamaisonnee.org\/fr\/events\/rencontre-spvm-montreal\/","og_locale":"fr_FR","og_type":"article","og_title":"\u00c9change sur nos Droits et Responsabilit\u00e9s : Rencontre avec le SPVM - La Maisonn\u00e9e","og_description":"\u00c9change sur nos Droits et Responsabilit\u00e9s : rencontre avec le SPVM (service de police de Montreal), discussions, droits, questions etc...","og_url":"https:\/\/lamaisonnee.org\/fr\/events\/rencontre-spvm-montreal\/","og_site_name":"La Maisonn\u00e9e","article_modified_time":"2025-02-27T21:11:01+00:00","twitter_card":"summary_large_image","schema":{"@context":"https:\/\/schema.org","@graph":[{"@type":"WebPage","@id":"https:\/\/lamaisonnee.org\/fr\/events\/rencontre-spvm-montreal\/","url":"https:\/\/lamaisonnee.org\/fr\/events\/rencontre-spvm-montreal\/","name":"\u00c9change sur nos Droits et Responsabilit\u00e9s : Rencontre avec le SPVM - La Maisonn\u00e9e","isPartOf":{"@id":"https:\/\/lamaisonnee.org\/fr\/#website"},"datePublished":"2025-02-27T21:09:54+00:00","dateModified":"2025-02-27T21:11:01+00:00","description":"\u00c9change sur nos Droits et Responsabilit\u00e9s : rencontre avec le SPVM (service de police de Montreal), discussions, droits, questions etc...","breadcrumb":{"@id":"https:\/\/lamaisonnee.org\/fr\/events\/rencontre-spvm-montreal\/#breadcrumb"},"inLanguage":"fr-FR","potentialAction":[{"@type":"ReadAction","target":["https:\/\/lamaisonnee.org\/fr\/events\/rencontre-spvm-montreal\/"]}]},{"@type":"BreadcrumbList","@id":"https:\/\/lamaisonnee.org\/fr\/events\/rencontre-spvm-montreal\/#breadcrumb","itemListElement":[{"@type":"ListItem","position":1,"name":"Accueil","item":"https:\/\/lamaisonnee.org\/fr\/"},{"@type":"ListItem","position":2,"name":"\u00c9change sur nos Droits et Responsabilit\u00e9s : Rencontre avec le SPVM"}]},{"@type":"WebSite","@id":"https:\/\/lamaisonnee.org\/fr\/#website","url":"https:\/\/lamaisonnee.org\/fr\/","name":"La Maisonn\u00e9e","description":"Aide aux immigrants","potentialAction":[{"@type":"SearchAction","target":{"@type":"EntryPoint","urlTemplate":"https:\/\/lamaisonnee.org\/fr\/?s={search_term_string}"},"query-input":{"@type":"PropertyValueSpecification","valueRequired":true,"valueName":"search_term_string"}}],"inLanguage":"fr-FR"}]}},"_links":{"self":[{"href":"https:\/\/lamaisonnee.org\/fr\/wp-json\/wp\/v2\/events\/136344","targetHints":{"allow":["GET"]}}],"collection":[{"href":"https:\/\/lamaisonnee.org\/fr\/wp-json\/wp\/v2\/events"}],"about":[{"href":"https:\/\/lamaisonnee.org\/fr\/wp-json\/wp\/v2\/types\/events"}],"wp:attachment":[{"href":"https:\/\/lamaisonnee.org\/fr\/wp-json\/wp\/v2\/media?parent=136344"}],"wp:term":[{"taxonomy":"cat_events","embeddable":true,"href":"https:\/\/lamaisonnee.org\/fr\/wp-json\/wp\/v2\/cat_events?post=136344"}],"curies":[{"name":"wp","href":"https:\/\/api.w.org\/{rel}","templated":true}]}}