{"id":4131,"date":"2023-09-28T15:25:12","date_gmt":"2023-09-28T19:25:12","guid":{"rendered":"https:\/\/lamaisonnee.org\/?post_type=events&#038;p=4131"},"modified":"2023-09-28T15:30:03","modified_gmt":"2023-09-28T19:30:03","slug":"job-event","status":"publish","type":"events","link":"https:\/\/lamaisonnee.org\/en\/events\/job-event\/","title":{"rendered":"Job and continuing education &#038; National job event"},"template":"","meta":{"_acf_changed":false},"cat_events":[48,46],"class_list":["post-4131","events","type-events","status-publish","hentry","cat_events-employment-assistance","cat_events-immigration-and-settling"],"acf":{"intro":"In October, we are present at the Job and Continuing Training Fair at the Palais des Congr\u00e8s as well as at the National Job Fair at the Olympic Stadium!","type":"recurrent_oneshot","dates":{"dates":[{"date":"20231004"},{"date":"20231005"},{"date":"20231012"},{"date":"20231013"}],"text":"Public event"},"horaire":"All days","place":"notonline","address":"At the Palais des Congr\u00e8s de Montr\u00e9al, 201 avenue Viger Ouest Montr\u00e9al QC, H2Z 1X7<br \/>\r\nAt the Montreal Olympic Stadium, 4545 Av. Pierre-De Coubertin, Montreal, QC H1V 0B2","price":"0","show_form":true,"description":"<p><span class=\"HwtZe\" lang=\"en\"><span class=\"jCAhz ChMk0b\"><span class=\"ryNqvb\">We will present to you the employment and placement opportunities, as well as the integration support services that La Maisonn\u00e9e can offer you.<\/span><\/span> <\/span><\/p>\n<p><span class=\"HwtZe\" lang=\"en\"><span class=\"jCAhz ChMk0b\"><span class=\"ryNqvb\">We are also offering two new free conferences on site, join us!<\/span><\/span> <\/span><\/p>\n<p>&nbsp;<\/p>\n<p><span class=\"HwtZe\" lang=\"en\"><span class=\"jCAhz ChMk0b\"><span class=\"ryNqvb\">YouTube video preview 2022: <a href=\"https:\/\/www.youtube.com\/watch?v=Wy5wTLjWsIo&amp;list=PLFI9TbA2Bon5fW41l5iiLI9uk_ejmquPp&amp;index=4\">https:\/\/www.youtube.com\/watch?v=Wy5wTLjWsIo&amp;list=PLFI9TbA2Bon5fW41l5iiLI9uk_ejmquPp&amp;index=4<\/a><\/span><\/span> <\/span><\/p>\n<p>&nbsp;<\/p>\n<p><span class=\"HwtZe\" lang=\"en\"><span class=\"jCAhz ChMk0b\"><span class=\"ryNqvb\">To know more :<\/span><\/span> <\/span><\/p>\n<p><a href=\"https:\/\/congresmtl.com\/\"><span class=\"HwtZe\" lang=\"en\"><span class=\"jCAhz ChMk0b\"><span class=\"ryNqvb\">https:\/\/congresmtl.com\/<\/span><\/span> <\/span><\/a><\/p>\n<p><a href=\"https:\/\/www.foirenationaleemploi.com\"><span class=\"HwtZe\" lang=\"en\"><span class=\"jCAhz ChMk0b\"><span class=\"ryNqvb\">https:\/\/www.foirenationaleemploi.com<\/span><\/span><\/span><\/a><\/p>\n","admi":false,"equipment":"","image":"https:\/\/lamaisonnee.org\/wp-content\/uploads\/2023\/09\/Page-daccueil-dimensions-WEB4.png","level":true,"service":"https:\/\/lamaisonnee.org\/en\/services\/job-placement-guidance\/"},"yoast_head":"<!-- This site is optimized with the Yoast SEO plugin v26.4 - https:\/\/yoast.com\/wordpress\/plugins\/seo\/ -->\n<title>Job and continuing education &amp; National job event - La Maisonn\u00e9e<\/title>\n<meta name=\"description\" content=\"Venez au Salon de l\u2019emploi et de la formation continue au Palais des congr\u00e8s ainsi qu\u2019\u00e0 la Foire nationale de l\u2019emploi au Stade Olympique !\" \/>\n<meta name=\"robots\" content=\"index, follow, max-snippet:-1, max-image-preview:large, max-video-preview:-1\" \/>\n<link rel=\"canonical\" href=\"https:\/\/lamaisonnee.org\/en\/events\/job-event\/\" \/>\n<meta property=\"og:locale\" content=\"en_US\" \/>\n<meta property=\"og:type\" content=\"article\" \/>\n<meta property=\"og:title\" content=\"Job and continuing education &amp; National job event - La Maisonn\u00e9e\" \/>\n<meta property=\"og:description\" content=\"Venez au Salon de l\u2019emploi et de la formation continue au Palais des congr\u00e8s ainsi qu\u2019\u00e0 la Foire nationale de l\u2019emploi au Stade Olympique !\" \/>\n<meta property=\"og:url\" content=\"https:\/\/lamaisonnee.org\/en\/events\/job-event\/\" \/>\n<meta property=\"og:site_name\" content=\"La Maisonn\u00e9e\" \/>\n<meta property=\"article:modified_time\" content=\"2023-09-28T19:30:03+00:00\" \/>\n<meta name=\"twitter:card\" content=\"summary_large_image\" \/>\n<script type=\"application\/ld+json\" class=\"yoast-schema-graph\">{\"@context\":\"https:\/\/schema.org\",\"@graph\":[{\"@type\":\"WebPage\",\"@id\":\"https:\/\/lamaisonnee.org\/en\/events\/job-event\/\",\"url\":\"https:\/\/lamaisonnee.org\/en\/events\/job-event\/\",\"name\":\"Job and continuing education & National job event - La Maisonn\u00e9e\",\"isPartOf\":{\"@id\":\"https:\/\/lamaisonnee.org\/en\/#website\"},\"datePublished\":\"2023-09-28T19:25:12+00:00\",\"dateModified\":\"2023-09-28T19:30:03+00:00\",\"description\":\"Venez au Salon de l\u2019emploi et de la formation continue au Palais des congr\u00e8s ainsi qu\u2019\u00e0 la Foire nationale de l\u2019emploi au Stade Olympique !\",\"breadcrumb\":{\"@id\":\"https:\/\/lamaisonnee.org\/en\/events\/job-event\/#breadcrumb\"},\"inLanguage\":\"en-US\",\"potentialAction\":[{\"@type\":\"ReadAction\",\"target\":[\"https:\/\/lamaisonnee.org\/en\/events\/job-event\/\"]}]},{\"@type\":\"BreadcrumbList\",\"@id\":\"https:\/\/lamaisonnee.org\/en\/events\/job-event\/#breadcrumb\",\"itemListElement\":[{\"@type\":\"ListItem\",\"position\":1,\"name\":\"Accueil\",\"item\":\"https:\/\/lamaisonnee.org\/en\/\"},{\"@type\":\"ListItem\",\"position\":2,\"name\":\"Job and continuing education &#038; National job event\"}]},{\"@type\":\"WebSite\",\"@id\":\"https:\/\/lamaisonnee.org\/en\/#website\",\"url\":\"https:\/\/lamaisonnee.org\/en\/\",\"name\":\"La Maisonn\u00e9e\",\"description\":\"Aide aux immigrants\",\"potentialAction\":[{\"@type\":\"SearchAction\",\"target\":{\"@type\":\"EntryPoint\",\"urlTemplate\":\"https:\/\/lamaisonnee.org\/en\/?s={search_term_string}\"},\"query-input\":{\"@type\":\"PropertyValueSpecification\",\"valueRequired\":true,\"valueName\":\"search_term_string\"}}],\"inLanguage\":\"en-US\"}]}<\/script>\n<!-- \/ Yoast SEO plugin. -->","yoast_head_json":{"title":"Job and continuing education & National job event - La Maisonn\u00e9e","description":"Venez au Salon de l\u2019emploi et de la formation continue au Palais des congr\u00e8s ainsi qu\u2019\u00e0 la Foire nationale de l\u2019emploi au Stade Olympique !","robots":{"index":"index","follow":"follow","max-snippet":"max-snippet:-1","max-image-preview":"max-image-preview:large","max-video-preview":"max-video-preview:-1"},"canonical":"https:\/\/lamaisonnee.org\/en\/events\/job-event\/","og_locale":"en_US","og_type":"article","og_title":"Job and continuing education & National job event - La Maisonn\u00e9e","og_description":"Venez au Salon de l\u2019emploi et de la formation continue au Palais des congr\u00e8s ainsi qu\u2019\u00e0 la Foire nationale de l\u2019emploi au Stade Olympique !","og_url":"https:\/\/lamaisonnee.org\/en\/events\/job-event\/","og_site_name":"La Maisonn\u00e9e","article_modified_time":"2023-09-28T19:30:03+00:00","twitter_card":"summary_large_image","schema":{"@context":"https:\/\/schema.org","@graph":[{"@type":"WebPage","@id":"https:\/\/lamaisonnee.org\/en\/events\/job-event\/","url":"https:\/\/lamaisonnee.org\/en\/events\/job-event\/","name":"Job and continuing education & National job event - La Maisonn\u00e9e","isPartOf":{"@id":"https:\/\/lamaisonnee.org\/en\/#website"},"datePublished":"2023-09-28T19:25:12+00:00","dateModified":"2023-09-28T19:30:03+00:00","description":"Venez au Salon de l\u2019emploi et de la formation continue au Palais des congr\u00e8s ainsi qu\u2019\u00e0 la Foire nationale de l\u2019emploi au Stade Olympique !","breadcrumb":{"@id":"https:\/\/lamaisonnee.org\/en\/events\/job-event\/#breadcrumb"},"inLanguage":"en-US","potentialAction":[{"@type":"ReadAction","target":["https:\/\/lamaisonnee.org\/en\/events\/job-event\/"]}]},{"@type":"BreadcrumbList","@id":"https:\/\/lamaisonnee.org\/en\/events\/job-event\/#breadcrumb","itemListElement":[{"@type":"ListItem","position":1,"name":"Accueil","item":"https:\/\/lamaisonnee.org\/en\/"},{"@type":"ListItem","position":2,"name":"Job and continuing education &#038; National job event"}]},{"@type":"WebSite","@id":"https:\/\/lamaisonnee.org\/en\/#website","url":"https:\/\/lamaisonnee.org\/en\/","name":"La Maisonn\u00e9e","description":"Aide aux immigrants","potentialAction":[{"@type":"SearchAction","target":{"@type":"EntryPoint","urlTemplate":"https:\/\/lamaisonnee.org\/en\/?s={search_term_string}"},"query-input":{"@type":"PropertyValueSpecification","valueRequired":true,"valueName":"search_term_string"}}],"inLanguage":"en-US"}]}},"_links":{"self":[{"href":"https:\/\/lamaisonnee.org\/en\/wp-json\/wp\/v2\/events\/4131","targetHints":{"allow":["GET"]}}],"collection":[{"href":"https:\/\/lamaisonnee.org\/en\/wp-json\/wp\/v2\/events"}],"about":[{"href":"https:\/\/lamaisonnee.org\/en\/wp-json\/wp\/v2\/types\/events"}],"wp:attachment":[{"href":"https:\/\/lamaisonnee.org\/en\/wp-json\/wp\/v2\/media?parent=4131"}],"wp:term":[{"taxonomy":"cat_events","embeddable":true,"href":"https:\/\/lamaisonnee.org\/en\/wp-json\/wp\/v2\/cat_events?post=4131"}],"curies":[{"name":"wp","href":"https:\/\/api.w.org\/{rel}","templated":true}]}}